{"id":13,"date":"2022-08-31T12:31:22","date_gmt":"2022-08-31T15:31:22","guid":{"rendered":"https:\/\/www.nublesalas.esquerreconsultores.cl\/?page_id=13"},"modified":"2022-08-31T12:31:22","modified_gmt":"2022-08-31T15:31:22","slug":"la-nueva-umoma-abre-sus-puertas-2","status":"publish","type":"page","link":"https:\/\/www.nublesalas.esquerreconsultores.cl\/index.php\/la-nueva-umoma-abre-sus-puertas-2\/","title":{"rendered":"La nueva UMoMA abre sus puertas"},"content":{"rendered":"<div class=\"wp-block-group alignwide\"><div class=\"wp-block-group__inner-container is-layout-flow wp-block-group-is-layout-flow\"><h2 class=\"has-text-align-center wp-block-heading\">El principal destino para el arte moderno en el norte de Suecia. Abierto de 10 AM a 6 PM todos los d\u00edas durante los meses de verano.<\/h2><\/div><\/div><div class=\"wp-block-columns alignwide is-layout-flex wp-container-core-columns-is-layout-8f761849 wp-block-columns-is-layout-flex\"><div class=\"wp-block-column is-layout-flow wp-block-column-is-layout-flow\"><div class=\"wp-block-group\"><div class=\"wp-block-group__inner-container is-layout-flow wp-block-group-is-layout-flow\"><figure class=\"wp-block-image alignfull size-full\"><img decoding=\"async\" src=\"https:\/\/www.nublesalas.esquerreconsultores.cl\/wp-content\/themes\/twentytwenty\/assets\/images\/2020-three-quarters-1.png\" alt=\"\" class=\"wp-image-37\"\/><\/figure><h3 class=\"wp-block-heading\">Obras y d\u00edas<\/h3><p class=\"wp-block-paragraph\">1 de agosto &#8211; 1 de diciembre<\/p><div class=\"wp-block-button is-style-outline is-style-outline--1\"><a class=\"wp-block-button__link\" href=\"https:\/\/make.wordpress.org\/core\/2019\/09\/27\/block-editor-theme-related-updates-in-wordpress-5-3\/\">Leer M\u00e1s<\/a><\/div><\/div><\/div><div class=\"wp-block-group\"><div class=\"wp-block-group__inner-container is-layout-flow wp-block-group-is-layout-flow\"><figure class=\"wp-block-image alignfull size-full\"><img decoding=\"async\" src=\"https:\/\/www.nublesalas.esquerreconsultores.cl\/wp-content\/themes\/twentytwenty\/assets\/images\/2020-three-quarters-3.png\" alt=\"\" class=\"wp-image-37\"\/><\/figure><h3 class=\"wp-block-heading\">Teatro de Operaciones<\/h3><p class=\"wp-block-paragraph\">1 de octubre &#8211; 1 de diciembre<\/p><div class=\"wp-block-button is-style-outline is-style-outline--2\"><a class=\"wp-block-button__link\" href=\"https:\/\/make.wordpress.org\/core\/2019\/09\/27\/block-editor-theme-related-updates-in-wordpress-5-3\/\">Leer M\u00e1s<\/a><\/div><\/div><\/div><\/div><div class=\"wp-block-column is-layout-flow wp-block-column-is-layout-flow\"><div class=\"wp-block-group\"><div class=\"wp-block-group__inner-container is-layout-flow wp-block-group-is-layout-flow\"><figure class=\"wp-block-image alignfull size-full\"><img decoding=\"async\" src=\"https:\/\/www.nublesalas.esquerreconsultores.cl\/wp-content\/themes\/twentytwenty\/assets\/images\/2020-three-quarters-2.png\" alt=\"\" class=\"wp-image-37\"\/><\/figure><h3 class=\"wp-block-heading\">La vida que Merezco<\/h3><p class=\"wp-block-paragraph\">1 de agosto &#8211; 1 de diciembre<\/p><div class=\"wp-block-button is-style-outline is-style-outline--3\"><a class=\"wp-block-button__link\" href=\"https:\/\/make.wordpress.org\/core\/2019\/09\/27\/block-editor-theme-related-updates-in-wordpress-5-3\/\">Leer M\u00e1s<\/a><\/div><\/div><\/div><div class=\"wp-block-group\"><div class=\"wp-block-group__inner-container is-layout-flow wp-block-group-is-layout-flow\"><figure class=\"wp-block-image alignfull size-full\"><img decoding=\"async\" src=\"https:\/\/www.nublesalas.esquerreconsultores.cl\/wp-content\/themes\/twentytwenty\/assets\/images\/2020-three-quarters-4.png\" alt=\"\" class=\"wp-image-37\"\/><\/figure><h3 class=\"wp-block-heading\">De Signac a Matisse<\/h3><p class=\"wp-block-paragraph\">1 de octubre &#8211; 1 de diciembre<\/p><div class=\"wp-block-button is-style-outline is-style-outline--4\"><a class=\"wp-block-button__link\" href=\"https:\/\/make.wordpress.org\/core\/2019\/09\/27\/block-editor-theme-related-updates-in-wordpress-5-3\/\">Leer M\u00e1s<\/a><\/div><\/div><\/div><\/div><\/div><figure class=\"wp-block-image alignfull size-full\"><img decoding=\"async\" src=\"https:\/\/www.nublesalas.esquerreconsultores.cl\/wp-content\/themes\/twentytwenty\/assets\/images\/2020-landscape-2.png\" alt=\"\" class=\"wp-image-37\"\/><\/figure><div class=\"wp-block-group alignwide\"><div class=\"wp-block-group__inner-container is-layout-flow wp-block-group-is-layout-flow\"><h2 class=\"has-accent-color has-text-align-center wp-block-heading\">&#8220;Los cyborgs, como estableci\u00f3 la fil\u00f3sofa Donna Haraway, no son reverentes. No recuerdan el cosmos.&#8221;<\/h2><\/div><\/div><p class=\"has-drop-cap wp-block-paragraph\">Con siete plantas de arquitectura llamativa, UMoMA muestra exposiciones de arte contempor\u00e1neo internacional, a veces junto con retrospectivas hist\u00f3ricas de arte. Las cuestiones existenciales, pol\u00edticas y filos\u00f3ficas son intr\u00ednsecas a nuestro programa. Como visitante se le invita a visitas guiadas charlas de artistas, conferencias, proyecciones de pel\u00edculas y otros eventos con entrada gratuita<\/p><p class=\"wp-block-paragraph\">Las exposiciones son producidas por UMoMA en colaboraci\u00f3n con artistas y museos de todo el mundo y a menudo atraen la atenci\u00f3n internacional. UMoMA ha recibido una Menci\u00f3n Especial del Museo Europeo del A\u00f1o, y fue una de las principales candidatas para el Premio al Museo Sueco del A\u00f1o, as\u00ed como para el Premio museo del Consejo de Europa.<\/p><p class=\"wp-block-paragraph\"><\/p><div class=\"wp-block-group alignwide has-background\" style=\"background-color:#ffffff\"><div class=\"wp-block-group__inner-container is-layout-flow wp-block-group-is-layout-flow\"><div class=\"wp-block-group\"><div class=\"wp-block-group__inner-container is-layout-flow wp-block-group-is-layout-flow\"><h2 class=\"has-text-align-center wp-block-heading\">\u00a1Convi\u00e9rtete en miembro y obt\u00e9n ofertas exclusivas!<\/h2><p class=\"has-text-align-center wp-block-paragraph\">Los miembros tienen acceso a exposiciones y ventas exclusivas. Nuestras membres\u00edas cuestan $99.99 y se facturan anualmente.<\/p><div class=\"wp-block-button aligncenter\"><a class=\"wp-block-button__link\" href=\"https:\/\/make.wordpress.org\/core\/2019\/09\/27\/block-editor-theme-related-updates-in-wordpress-5-3\/\">\u00danete al Club<\/a><\/div><\/div><\/div><\/div><\/div><figure class=\"wp-block-gallery alignwide columns-2 is-cropped wp-block-gallery-5 is-layout-flex wp-block-gallery-is-layout-flex\"><ul class=\"blocks-gallery-grid\"><li class=\"blocks-gallery-item\"><figure><img decoding=\"async\" src=\"https:\/\/www.nublesalas.esquerreconsultores.cl\/wp-content\/themes\/twentytwenty\/assets\/images\/2020-square-2.png\" alt=\"\" data-id=\"39\" data-full-url=\"https:\/\/www.nublesalas.esquerreconsultores.cl\/wp-content\/themes\/twentytwenty\/assets\/images\/2020-square-2.png\" data-link=\"assets\/images\/2020-square-2\/\" class=\"wp-image-39\"\/><\/figure><\/li><li class=\"blocks-gallery-item\"><figure><img decoding=\"async\" src=\"https:\/\/www.nublesalas.esquerreconsultores.cl\/wp-content\/themes\/twentytwenty\/assets\/images\/2020-square-1.png\" alt=\"\" data-id=\"38\" data-full-url=\"https:\/\/www.nublesalas.esquerreconsultores.cl\/wp-content\/themes\/twentytwenty\/assets\/images\/2020-square-1.png\" data-link=\"https:\/\/www.nublesalas.esquerreconsultores.cl\/wp-content\/themes\/twentytwenty\/assets\/images\/2020-square-1\/\" class=\"wp-image-38\"\/><\/figure><\/li><\/ul><\/figure>","protected":false},"excerpt":{"rendered":"<p>El principal destino para el arte moderno en el norte de Suecia. Abierto de 10 AM a 6 PM todos los d\u00edas durante los meses de verano. Obras y d\u00edas 1 de agosto &#8211; 1 de diciembre Teatro de Operaciones 1 de octubre &#8211; 1 de diciembre La vida que Merezco 1 de agosto &#8211; [&hellip;]<\/p>\n","protected":false},"author":1,"featured_media":12,"parent":0,"menu_order":0,"comment_status":"closed","ping_status":"closed","template":"","meta":{"footnotes":""},"class_list":["post-13","page","type-page","status-publish","has-post-thumbnail","hentry"],"_links":{"self":[{"href":"https:\/\/www.nublesalas.esquerreconsultores.cl\/index.php\/wp-json\/wp\/v2\/pages\/13","targetHints":{"allow":["GET"]}}],"collection":[{"href":"https:\/\/www.nublesalas.esquerreconsultores.cl\/index.php\/wp-json\/wp\/v2\/pages"}],"about":[{"href":"https:\/\/www.nublesalas.esquerreconsultores.cl\/index.php\/wp-json\/wp\/v2\/types\/page"}],"author":[{"embeddable":true,"href":"https:\/\/www.nublesalas.esquerreconsultores.cl\/index.php\/wp-json\/wp\/v2\/users\/1"}],"replies":[{"embeddable":true,"href":"https:\/\/www.nublesalas.esquerreconsultores.cl\/index.php\/wp-json\/wp\/v2\/comments?post=13"}],"version-history":[{"count":1,"href":"https:\/\/www.nublesalas.esquerreconsultores.cl\/index.php\/wp-json\/wp\/v2\/pages\/13\/revisions"}],"predecessor-version":[{"id":19,"href":"https:\/\/www.nublesalas.esquerreconsultores.cl\/index.php\/wp-json\/wp\/v2\/pages\/13\/revisions\/19"}],"wp:featuredmedia":[{"embeddable":true,"href":"https:\/\/www.nublesalas.esquerreconsultores.cl\/index.php\/wp-json\/wp\/v2\/media\/12"}],"wp:attachment":[{"href":"https:\/\/www.nublesalas.esquerreconsultores.cl\/index.php\/wp-json\/wp\/v2\/media?parent=13"}],"curies":[{"name":"wp","href":"https:\/\/api.w.org\/{rel}","templated":true}]}}